{"id":2348,"date":"2022-05-16T21:17:32","date_gmt":"2022-05-17T00:17:32","guid":{"rendered":"https:\/\/humanas.unsl.edu.ar\/?page_id=2348"},"modified":"2026-04-28T12:23:22","modified_gmt":"2026-04-28T15:23:22","slug":"noticias-fch","status":"publish","type":"page","link":"https:\/\/humanas.unsl.edu.ar\/index.php\/noticias-fch\/","title":{"rendered":"NOTICIAS FCH"},"content":{"rendered":"\t\t<div data-elementor-type=\"wp-page\" data-elementor-id=\"2348\" class=\"elementor elementor-2348\">\n\t\t\t\t\t\t\t\t\t<section class=\"elementor-section elementor-top-section elementor-element elementor-element-81c9745 elementor-section-full_width elementor-section-stretched elementor-section-height-default elementor-section-height-default\" data-id=\"81c9745\" data-element_type=\"section\" data-settings=\"{&quot;stretch_section&quot;:&quot;section-stretched&quot;}\">\n\t\t\t\t\t\t<div class=\"elementor-container elementor-column-gap-no\">\n\t\t\t\t\t<div class=\"elementor-column elementor-col-100 elementor-top-column elementor-element elementor-element-f16e13d\" data-id=\"f16e13d\" data-element_type=\"column\">\n\t\t\t<div class=\"elementor-widget-wrap elementor-element-populated\">\n\t\t\t\t\t\t\t\t<section class=\"elementor-section elementor-inner-section elementor-element elementor-element-d9ff006 elementor-section-full_width elementor-section-height-default elementor-section-height-default\" data-id=\"d9ff006\" data-element_type=\"section\">\n\t\t\t\t\t\t<div class=\"elementor-container elementor-column-gap-no\">\n\t\t\t\t\t<div class=\"elementor-column elementor-col-100 elementor-inner-column elementor-element elementor-element-b1ec55e\" data-id=\"b1ec55e\" data-element_type=\"column\">\n\t\t\t<div class=\"elementor-widget-wrap\">\n\t\t\t\t\t\t\t\t\t<\/div>\n\t\t<\/div>\n\t\t\t\t\t\t\t<\/div>\n\t\t<\/section>\n\t\t\t\t<div class=\"elementor-element elementor-element-4d6d587 elementor-widget elementor-widget-spacer\" data-id=\"4d6d587\" data-element_type=\"widget\" data-widget_type=\"spacer.default\">\n\t\t\t\t<div class=\"elementor-widget-container\">\n\t\t\t<style>\/*! elementor - v3.6.7 - 03-07-2022 *\/\n.e-container.e-container--row .elementor-spacer-inner{width:var(--spacer-size)}.e-container.e-container--column .elementor-spacer-inner,.elementor-column .elementor-spacer-inner{height:var(--spacer-size)}<\/style>\t\t<div class=\"elementor-spacer\">\n\t\t\t<div class=\"elementor-spacer-inner\"><\/div>\n\t\t<\/div>\n\t\t\t\t<\/div>\n\t\t\t\t<\/div>\n\t\t\t\t\t<\/div>\n\t\t<\/div>\n\t\t\t\t\t\t\t<\/div>\n\t\t<\/section>\n\t\t\t\t<section class=\"elementor-section elementor-top-section elementor-element elementor-element-6d49396 elementor-section-stretched elementor-section-boxed elementor-section-height-default elementor-section-height-default\" data-id=\"6d49396\" data-element_type=\"section\" data-settings=\"{&quot;stretch_section&quot;:&quot;section-stretched&quot;}\">\n\t\t\t\t\t\t<div class=\"elementor-container elementor-column-gap-default\">\n\t\t\t\t\t<div class=\"elementor-column elementor-col-100 elementor-top-column elementor-element elementor-element-44c0097\" data-id=\"44c0097\" data-element_type=\"column\">\n\t\t\t<div class=\"elementor-widget-wrap elementor-element-populated\">\n\t\t\t\t\t\t\t\t<section class=\"elementor-section elementor-inner-section elementor-element elementor-element-1070ffb elementor-section-full_width elementor-section-height-default elementor-section-height-default\" data-id=\"1070ffb\" data-element_type=\"section\">\n\t\t\t\t\t\t<div class=\"elementor-container elementor-column-gap-no\">\n\t\t\t\t\t<div class=\"elementor-column elementor-col-100 elementor-inner-column elementor-element elementor-element-0b56067\" data-id=\"0b56067\" data-element_type=\"column\">\n\t\t\t<div class=\"elementor-widget-wrap elementor-element-populated\">\n\t\t\t\t\t\t\t\t<div class=\"elementor-element elementor-element-5c3b908 elementor-grid-3 elementor-grid-tablet-2 elementor-grid-mobile-1 elementor-posts--align-left elementor-widget elementor-widget-blogmentor_blog_posts\" data-id=\"5c3b908\" data-element_type=\"widget\" data-settings=\"{&quot;post_card_row_gap&quot;:{&quot;unit&quot;:&quot;px&quot;,&quot;size&quot;:0,&quot;sizes&quot;:[]},&quot;bm_grid_columns&quot;:&quot;3&quot;,&quot;bm_grid_columns_tablet&quot;:&quot;2&quot;,&quot;bm_grid_columns_mobile&quot;:&quot;1&quot;,&quot;post_card_grid_gap&quot;:{&quot;unit&quot;:&quot;px&quot;,&quot;size&quot;:10,&quot;sizes&quot;:[]}}\" data-widget_type=\"blogmentor_blog_posts.default\">\n\t\t\t\t<div class=\"elementor-widget-container\">\n\t\t\t\t\t\n\t\t\t\t\t\t\t\t<div class=\"bm-blog-posts-wrapper\" >\n\t\t\t\t\t\t\t<div class=\"bm-blog-posts bm-display-grid elementor-grid elementor-grid-3\" >\n\t\t\t\t    <article id=\"post-14762\" class=\"item bm_layout post-14762 post type-post status-publish format-standard has-post-thumbnail hentry category-academicas category-docente category-estudiantes tag-clase-publica tag-educacion\">\n\t\t<div class=\"bm-blog-post-image entry-post-image\">\n\t\t\t<div class=\"bm-post-image clearfix bm-hover-effect bm-hover-effect-opacity\">\n\t\t\t\t<img width=\"300\" height=\"180\" src=\"https:\/\/humanas.unsl.edu.ar\/wp-content\/uploads\/2026\/04\/Clase-publica--300x180.png\" class=\"attachment-medium size-medium wp-post-image\" alt=\"Clase P\u00fablica\" decoding=\"async\" loading=\"lazy\" srcset=\"https:\/\/humanas.unsl.edu.ar\/wp-content\/uploads\/2026\/04\/Clase-publica--300x180.png 300w, https:\/\/humanas.unsl.edu.ar\/wp-content\/uploads\/2026\/04\/Clase-publica--768x461.png 768w, https:\/\/humanas.unsl.edu.ar\/wp-content\/uploads\/2026\/04\/Clase-publica-.png 1000w\" sizes=\"(max-width: 300px) 100vw, 300px\" \/>\t\t\t<\/div>\n\t\t<\/div>\n        <div class=\"bm-blog-post-content bm_content_box\">\n            <span class=\"entry-post-title bm_title\"><a href=\"https:\/\/humanas.unsl.edu.ar\/index.php\/2026\/04\/23\/clase-publica-la-facultad-de-ciencias-humanas-lanzo-un-podcast-para-debatir-el-futuro-de-la-educacion-en-argentina\/\" rel=\"bookmark\"><strong>\u201cClase P\u00fablica\u201d: La Facultad de Ciencias Humanas lanz\u00f3 un podcast para debatir el futuro de la educaci\u00f3n en Argentina<\/strong><\/a><\/span>            <div class=\"bm-blog-post-meta entry-post-meta bm_meta\">\n                <span class=\"posted-on\"><i class=\"fa fa-clock\" aria-hidden=\"true\"><\/i><a href=\"https:\/\/humanas.unsl.edu.ar\/index.php\/2026\/04\/23\/clase-publica-la-facultad-de-ciencias-humanas-lanzo-un-podcast-para-debatir-el-futuro-de-la-educacion-en-argentina\/\" rel=\"bookmark\">abril 23, 2026<\/a><\/span><span class=\"cat-links\"><i class=\"fa fa-list-alt\" aria-hidden=\"true\"><\/i>\n<span class=\"screen-reader-text\">Posted in<\/span><a href=\"https:\/\/humanas.unsl.edu.ar\/index.php\/category\/academicas\/\" rel=\"category tag\">Acad\u00e9micas<\/a>, <a href=\"https:\/\/humanas.unsl.edu.ar\/index.php\/category\/docente\/\" rel=\"category tag\">Docente<\/a>, <a href=\"https:\/\/humanas.unsl.edu.ar\/index.php\/category\/estudiantes\/\" rel=\"category tag\">Estudiantes<\/a><\/span>            <\/div>\n            <div class=\"entry-post-content bm_content\">\n                El Departamento de Educaci\u00f3n y Formaci\u00f3n Docente de la Facultad de Ciencias Humanas lanz\u00f3 el podcast \u201cClase P\u00fablica. Educadores que <div><a href=\"https:\/\/humanas.unsl.edu.ar\/index.php\/2026\/04\/23\/clase-publica-la-facultad-de-ciencias-humanas-lanzo-un-podcast-para-debatir-el-futuro-de-la-educacion-en-argentina\/\" rel=\"bookmark\" class=\"bm-read-more entry-read-more\">Leer mas \u00bb\u00bb<\/a><div>            <\/div>\n        <\/div>\n    <\/article>\n    <article id=\"post-14748\" class=\"item bm_layout post-14748 post type-post status-publish format-standard has-post-thumbnail hentry category-sociedad tag-adultos-mayores tag-extension tag-pam\">\n\t\t<div class=\"bm-blog-post-image entry-post-image\">\n\t\t\t<div class=\"bm-post-image clearfix bm-hover-effect bm-hover-effect-opacity\">\n\t\t\t\t<img width=\"300\" height=\"200\" src=\"https:\/\/humanas.unsl.edu.ar\/wp-content\/uploads\/2026\/04\/Foto-PAM-WEB-300x200.png\" class=\"attachment-medium size-medium wp-post-image\" alt=\"\" decoding=\"async\" loading=\"lazy\" srcset=\"https:\/\/humanas.unsl.edu.ar\/wp-content\/uploads\/2026\/04\/Foto-PAM-WEB-300x200.png 300w, https:\/\/humanas.unsl.edu.ar\/wp-content\/uploads\/2026\/04\/Foto-PAM-WEB-768x512.png 768w, https:\/\/humanas.unsl.edu.ar\/wp-content\/uploads\/2026\/04\/Foto-PAM-WEB.png 1000w\" sizes=\"(max-width: 300px) 100vw, 300px\" \/>\t\t\t<\/div>\n\t\t<\/div>\n        <div class=\"bm-blog-post-content bm_content_box\">\n            <span class=\"entry-post-title bm_title\"><a href=\"https:\/\/humanas.unsl.edu.ar\/index.php\/2026\/04\/21\/el-programa-de-adultos-mayores-abre-la-inscripcion-a-los-talleres-2026\/\" rel=\"bookmark\"><strong>El Programa de Adultos Mayores abre la inscripci\u00f3n a los talleres 2026<\/strong><\/a><\/span>            <div class=\"bm-blog-post-meta entry-post-meta bm_meta\">\n                <span class=\"posted-on\"><i class=\"fa fa-clock\" aria-hidden=\"true\"><\/i><a href=\"https:\/\/humanas.unsl.edu.ar\/index.php\/2026\/04\/21\/el-programa-de-adultos-mayores-abre-la-inscripcion-a-los-talleres-2026\/\" rel=\"bookmark\">abril 21, 2026<\/a><\/span><span class=\"cat-links\"><i class=\"fa fa-list-alt\" aria-hidden=\"true\"><\/i>\n<span class=\"screen-reader-text\">Posted in<\/span><a href=\"https:\/\/humanas.unsl.edu.ar\/index.php\/category\/sociedad\/\" rel=\"category tag\">Sociedad<\/a><\/span>            <\/div>\n            <div class=\"entry-post-content bm_content\">\n                El d\u00eda viernes 24 se realizar\u00e1 la apertura de las inscripciones a una nueva edici\u00f3n de los talleres del Programa <div><a href=\"https:\/\/humanas.unsl.edu.ar\/index.php\/2026\/04\/21\/el-programa-de-adultos-mayores-abre-la-inscripcion-a-los-talleres-2026\/\" rel=\"bookmark\" class=\"bm-read-more entry-read-more\">Leer mas \u00bb\u00bb<\/a><div>            <\/div>\n        <\/div>\n    <\/article>\n    <article id=\"post-14738\" class=\"item bm_layout post-14738 post type-post status-publish format-standard has-post-thumbnail hentry category-ciencia tag-argonautas tag-ciencia tag-investigacion\">\n\t\t<div class=\"bm-blog-post-image entry-post-image\">\n\t\t\t<div class=\"bm-post-image clearfix bm-hover-effect bm-hover-effect-opacity\">\n\t\t\t\t<img width=\"300\" height=\"85\" src=\"https:\/\/humanas.unsl.edu.ar\/wp-content\/uploads\/2026\/04\/TITULO-300x85.png\" class=\"attachment-medium size-medium wp-post-image\" alt=\"\" decoding=\"async\" loading=\"lazy\" srcset=\"https:\/\/humanas.unsl.edu.ar\/wp-content\/uploads\/2026\/04\/TITULO-300x85.png 300w, https:\/\/humanas.unsl.edu.ar\/wp-content\/uploads\/2026\/04\/TITULO-1024x289.png 1024w, https:\/\/humanas.unsl.edu.ar\/wp-content\/uploads\/2026\/04\/TITULO-768x217.png 768w, https:\/\/humanas.unsl.edu.ar\/wp-content\/uploads\/2026\/04\/TITULO.png 1366w\" sizes=\"(max-width: 300px) 100vw, 300px\" \/>\t\t\t<\/div>\n\t\t<\/div>\n        <div class=\"bm-blog-post-content bm_content_box\">\n            <span class=\"entry-post-title bm_title\"><a href=\"https:\/\/humanas.unsl.edu.ar\/index.php\/2026\/04\/17\/la-revista-argonautas-amplia-su-proyeccion-academica\/\" rel=\"bookmark\">La Revista Argonautas ampl\u00eda su proyecci\u00f3n acad\u00e9mica.<\/a><\/span>            <div class=\"bm-blog-post-meta entry-post-meta bm_meta\">\n                <span class=\"posted-on\"><i class=\"fa fa-clock\" aria-hidden=\"true\"><\/i><a href=\"https:\/\/humanas.unsl.edu.ar\/index.php\/2026\/04\/17\/la-revista-argonautas-amplia-su-proyeccion-academica\/\" rel=\"bookmark\">abril 17, 2026<\/a><\/span><span class=\"cat-links\"><i class=\"fa fa-list-alt\" aria-hidden=\"true\"><\/i>\n<span class=\"screen-reader-text\">Posted in<\/span><a href=\"https:\/\/humanas.unsl.edu.ar\/index.php\/category\/ciencia\/\" rel=\"category tag\">Ciencia<\/a><\/span>            <\/div>\n            <div class=\"entry-post-content bm_content\">\n                La Revista Argonautas, perteneciente a la Facultad de Ciencias Humanas de la Universidad Nacional de San Luis, contin\u00faa fortaleciendo su <div><a href=\"https:\/\/humanas.unsl.edu.ar\/index.php\/2026\/04\/17\/la-revista-argonautas-amplia-su-proyeccion-academica\/\" rel=\"bookmark\" class=\"bm-read-more entry-read-more\">Leer mas \u00bb\u00bb<\/a><div>            <\/div>\n        <\/div>\n    <\/article>\n    <article id=\"post-14693\" class=\"item bm_layout post-14693 post type-post status-publish format-standard has-post-thumbnail hentry category-academicas category-estudiantes category-institucional tag-consejo-directivo tag-educacion tag-educacion-inicial\">\n\t\t<div class=\"bm-blog-post-image entry-post-image\">\n\t\t\t<div class=\"bm-post-image clearfix bm-hover-effect bm-hover-effect-opacity\">\n\t\t\t\t<img width=\"300\" height=\"169\" src=\"https:\/\/humanas.unsl.edu.ar\/wp-content\/uploads\/2026\/04\/N-e1776098214709-300x169.png\" class=\"attachment-medium size-medium wp-post-image\" alt=\"\" decoding=\"async\" loading=\"lazy\" srcset=\"https:\/\/humanas.unsl.edu.ar\/wp-content\/uploads\/2026\/04\/N-e1776098214709-300x169.png 300w, https:\/\/humanas.unsl.edu.ar\/wp-content\/uploads\/2026\/04\/N-e1776098214709-768x432.png 768w, https:\/\/humanas.unsl.edu.ar\/wp-content\/uploads\/2026\/04\/N-e1776098214709.png 1024w\" sizes=\"(max-width: 300px) 100vw, 300px\" \/>\t\t\t<\/div>\n\t\t<\/div>\n        <div class=\"bm-blog-post-content bm_content_box\">\n            <span class=\"entry-post-title bm_title\"><a href=\"https:\/\/humanas.unsl.edu.ar\/index.php\/2026\/04\/13\/el-consejo-directivo-aprobo-el-plan-de-fortalecimiento-de-educacion-inicial\/\" rel=\"bookmark\">El Consejo Directivo aprob\u00f3 el Plan de Fortalecimiento de Educaci\u00f3n Inicial<\/a><\/span>            <div class=\"bm-blog-post-meta entry-post-meta bm_meta\">\n                <span class=\"posted-on\"><i class=\"fa fa-clock\" aria-hidden=\"true\"><\/i><a href=\"https:\/\/humanas.unsl.edu.ar\/index.php\/2026\/04\/13\/el-consejo-directivo-aprobo-el-plan-de-fortalecimiento-de-educacion-inicial\/\" rel=\"bookmark\">abril 13, 2026<\/a><\/span><span class=\"cat-links\"><i class=\"fa fa-list-alt\" aria-hidden=\"true\"><\/i>\n<span class=\"screen-reader-text\">Posted in<\/span><a href=\"https:\/\/humanas.unsl.edu.ar\/index.php\/category\/academicas\/\" rel=\"category tag\">Acad\u00e9micas<\/a>, <a href=\"https:\/\/humanas.unsl.edu.ar\/index.php\/category\/estudiantes\/\" rel=\"category tag\">Estudiantes<\/a>, <a href=\"https:\/\/humanas.unsl.edu.ar\/index.php\/category\/institucional\/\" rel=\"category tag\">Institucional<\/a><\/span>            <\/div>\n            <div class=\"entry-post-content bm_content\">\n                Este mi\u00e9rcoles 8 de abril, el Consejo Directivo de la Facultad de Ciencias Humanas de la Universidad Nacional de San <div><a href=\"https:\/\/humanas.unsl.edu.ar\/index.php\/2026\/04\/13\/el-consejo-directivo-aprobo-el-plan-de-fortalecimiento-de-educacion-inicial\/\" rel=\"bookmark\" class=\"bm-read-more entry-read-more\">Leer mas \u00bb\u00bb<\/a><div>            <\/div>\n        <\/div>\n    <\/article>\n    <article id=\"post-14610\" class=\"item bm_layout post-14610 post type-post status-publish format-standard has-post-thumbnail hentry category-academicas category-docente tag-docentes tag-educacion\">\n\t\t<div class=\"bm-blog-post-image entry-post-image\">\n\t\t\t<div class=\"bm-post-image clearfix bm-hover-effect bm-hover-effect-opacity\">\n\t\t\t\t<img width=\"300\" height=\"169\" src=\"https:\/\/humanas.unsl.edu.ar\/wp-content\/uploads\/2026\/04\/revalorizacion-de-los-titulos-de-la-fch-en-la-junta-de-clasificacion-docente-300x169.jpg\" class=\"attachment-medium size-medium wp-post-image\" alt=\"\" decoding=\"async\" loading=\"lazy\" srcset=\"https:\/\/humanas.unsl.edu.ar\/wp-content\/uploads\/2026\/04\/revalorizacion-de-los-titulos-de-la-fch-en-la-junta-de-clasificacion-docente-300x169.jpg 300w, https:\/\/humanas.unsl.edu.ar\/wp-content\/uploads\/2026\/04\/revalorizacion-de-los-titulos-de-la-fch-en-la-junta-de-clasificacion-docente-1024x576.jpg 1024w, https:\/\/humanas.unsl.edu.ar\/wp-content\/uploads\/2026\/04\/revalorizacion-de-los-titulos-de-la-fch-en-la-junta-de-clasificacion-docente-768x432.jpg 768w, https:\/\/humanas.unsl.edu.ar\/wp-content\/uploads\/2026\/04\/revalorizacion-de-los-titulos-de-la-fch-en-la-junta-de-clasificacion-docente-1536x864.jpg 1536w, https:\/\/humanas.unsl.edu.ar\/wp-content\/uploads\/2026\/04\/revalorizacion-de-los-titulos-de-la-fch-en-la-junta-de-clasificacion-docente.jpg 1920w\" sizes=\"(max-width: 300px) 100vw, 300px\" \/>\t\t\t<\/div>\n\t\t<\/div>\n        <div class=\"bm-blog-post-content bm_content_box\">\n            <span class=\"entry-post-title bm_title\"><a href=\"https:\/\/humanas.unsl.edu.ar\/index.php\/2026\/04\/09\/la-facultad-de-ciencias-humanas-informa-la-entrada-en-vigencia-de-un-nuevo-regimen-de-valoracion-docente\/\" rel=\"bookmark\">La Facultad de Ciencias Humanas informa la entrada en vigencia de un nuevo r\u00e9gimen de valoraci\u00f3n docente<\/a><\/span>            <div class=\"bm-blog-post-meta entry-post-meta bm_meta\">\n                <span class=\"posted-on\"><i class=\"fa fa-clock\" aria-hidden=\"true\"><\/i><a href=\"https:\/\/humanas.unsl.edu.ar\/index.php\/2026\/04\/09\/la-facultad-de-ciencias-humanas-informa-la-entrada-en-vigencia-de-un-nuevo-regimen-de-valoracion-docente\/\" rel=\"bookmark\">abril 9, 2026<\/a><\/span><span class=\"cat-links\"><i class=\"fa fa-list-alt\" aria-hidden=\"true\"><\/i>\n<span class=\"screen-reader-text\">Posted in<\/span><a href=\"https:\/\/humanas.unsl.edu.ar\/index.php\/category\/academicas\/\" rel=\"category tag\">Acad\u00e9micas<\/a>, <a href=\"https:\/\/humanas.unsl.edu.ar\/index.php\/category\/docente\/\" rel=\"category tag\">Docente<\/a><\/span>            <\/div>\n            <div class=\"entry-post-content bm_content\">\n                El Decreto N\u00b0 981-ME-2026 establece una actualizaci\u00f3n integral que revaloriza los t\u00edtulos de grado y posgrado en el sistema educativo <div><a href=\"https:\/\/humanas.unsl.edu.ar\/index.php\/2026\/04\/09\/la-facultad-de-ciencias-humanas-informa-la-entrada-en-vigencia-de-un-nuevo-regimen-de-valoracion-docente\/\" rel=\"bookmark\" class=\"bm-read-more entry-read-more\">Leer mas \u00bb\u00bb<\/a><div>            <\/div>\n        <\/div>\n    <\/article>\n    <article id=\"post-14595\" class=\"item bm_layout post-14595 post type-post status-publish format-standard has-post-thumbnail hentry category-academicas category-docente category-estudiantes category-sociedad tag-carrera tag-posgrado\">\n\t\t<div class=\"bm-blog-post-image entry-post-image\">\n\t\t\t<div class=\"bm-post-image clearfix bm-hover-effect bm-hover-effect-opacity\">\n\t\t\t\t<img width=\"300\" height=\"157\" src=\"https:\/\/humanas.unsl.edu.ar\/wp-content\/uploads\/2026\/02\/afiche_autismo-740x380-1-300x157.jpg\" class=\"attachment-medium size-medium wp-post-image\" alt=\"\" decoding=\"async\" loading=\"lazy\" srcset=\"https:\/\/humanas.unsl.edu.ar\/wp-content\/uploads\/2026\/02\/afiche_autismo-740x380-1-300x157.jpg 300w, https:\/\/humanas.unsl.edu.ar\/wp-content\/uploads\/2026\/02\/afiche_autismo-740x380-1-480x250.jpg 480w, https:\/\/humanas.unsl.edu.ar\/wp-content\/uploads\/2026\/02\/afiche_autismo-740x380-1.jpg 734w\" sizes=\"(max-width: 300px) 100vw, 300px\" \/>\t\t\t<\/div>\n\t\t<\/div>\n        <div class=\"bm-blog-post-content bm_content_box\">\n            <span class=\"entry-post-title bm_title\"><a href=\"https:\/\/humanas.unsl.edu.ar\/index.php\/2026\/02\/26\/autismo-y-educacion-inclusiva-diplomatura\/\" rel=\"bookmark\">Autismo y Educaci\u00f3n Inclusiva. Diplomatura<\/a><\/span>            <div class=\"bm-blog-post-meta entry-post-meta bm_meta\">\n                <span class=\"posted-on\"><i class=\"fa fa-clock\" aria-hidden=\"true\"><\/i><a href=\"https:\/\/humanas.unsl.edu.ar\/index.php\/2026\/02\/26\/autismo-y-educacion-inclusiva-diplomatura\/\" rel=\"bookmark\">febrero 26, 2026<\/a><\/span><span class=\"cat-links\"><i class=\"fa fa-list-alt\" aria-hidden=\"true\"><\/i>\n<span class=\"screen-reader-text\">Posted in<\/span><a href=\"https:\/\/humanas.unsl.edu.ar\/index.php\/category\/academicas\/\" rel=\"category tag\">Acad\u00e9micas<\/a>, <a href=\"https:\/\/humanas.unsl.edu.ar\/index.php\/category\/docente\/\" rel=\"category tag\">Docente<\/a>, <a href=\"https:\/\/humanas.unsl.edu.ar\/index.php\/category\/estudiantes\/\" rel=\"category tag\">Estudiantes<\/a>, <a href=\"https:\/\/humanas.unsl.edu.ar\/index.php\/category\/sociedad\/\" rel=\"category tag\">Sociedad<\/a><\/span>            <\/div>\n            <div class=\"entry-post-content bm_content\">\n                            <\/div>\n        <\/div>\n    <\/article>\n\t\t\t\t<\/div><\/div>\n\t\t\t\t\t\t\t<div class=\"bm-pagination pagination_style_1\">\n\t\t\t\t<span aria-current=\"page\" class=\"page-numbers current\">1<\/span>\n<a class=\"page-numbers\" href=\"https:\/\/humanas.unsl.edu.ar\/index.php\/wp-json\/wp\/v2\/pages\/2348\/page\/2\/\">2<\/a>\n<span class=\"page-numbers dots\">&hellip;<\/span>\n<a class=\"page-numbers\" href=\"https:\/\/humanas.unsl.edu.ar\/index.php\/wp-json\/wp\/v2\/pages\/2348\/page\/113\/\">113<\/a>\n<a class=\"page-numbers\" href=\"https:\/\/humanas.unsl.edu.ar\/index.php\/wp-json\/wp\/v2\/pages\/2348\/page\/114\/\">114<\/a>\n<a class=\"next page-numbers\" href=\"https:\/\/humanas.unsl.edu.ar\/index.php\/wp-json\/wp\/v2\/pages\/2348\/page\/2\/\"> <i><\/i><\/a>\t\t\t<\/div>\n\t\t\t\t<\/div>\n\t\t\t\t<\/div>\n\t\t\t\t\t<\/div>\n\t\t<\/div>\n\t\t\t\t\t\t\t<\/div>\n\t\t<\/section>\n\t\t\t\t\t<\/div>\n\t\t<\/div>\n\t\t\t\t\t\t\t<\/div>\n\t\t<\/section>\n\t\t\t\t<section class=\"elementor-section elementor-top-section elementor-element elementor-element-d8b1ad7 elementor-section-boxed elementor-section-height-default elementor-section-height-default\" data-id=\"d8b1ad7\" data-element_type=\"section\">\n\t\t\t\t\t\t<div class=\"elementor-container elementor-column-gap-default\">\n\t\t\t\t\t<div class=\"elementor-column elementor-col-100 elementor-top-column elementor-element elementor-element-1e7c1d0\" data-id=\"1e7c1d0\" data-element_type=\"column\">\n\t\t\t<div class=\"elementor-widget-wrap\">\n\t\t\t\t\t\t\t\t\t<\/div>\n\t\t<\/div>\n\t\t\t\t\t\t\t<\/div>\n\t\t<\/section>\n\t\t\t\t<section class=\"elementor-section elementor-top-section elementor-element elementor-element-1b3b7e3 elementor-section-boxed elementor-section-height-default elementor-section-height-default\" data-id=\"1b3b7e3\" data-element_type=\"section\">\n\t\t\t\t\t\t<div class=\"elementor-container elementor-column-gap-default\">\n\t\t\t\t\t<div class=\"elementor-column elementor-col-100 elementor-top-column elementor-element elementor-element-351f2e6\" data-id=\"351f2e6\" data-element_type=\"column\">\n\t\t\t<div class=\"elementor-widget-wrap elementor-element-populated\">\n\t\t\t\t\t\t\t\t<section class=\"elementor-section elementor-inner-section elementor-element elementor-element-28956c1 elementor-section-boxed elementor-section-height-default elementor-section-height-default\" data-id=\"28956c1\" data-element_type=\"section\">\n\t\t\t\t\t\t<div class=\"elementor-container elementor-column-gap-default\">\n\t\t\t\t\t<div class=\"elementor-column elementor-col-50 elementor-inner-column elementor-element elementor-element-ad135f5\" data-id=\"ad135f5\" data-element_type=\"column\">\n\t\t\t<div class=\"elementor-widget-wrap\">\n\t\t\t\t\t\t\t\t\t<\/div>\n\t\t<\/div>\n\t\t\t\t<div class=\"elementor-column elementor-col-50 elementor-inner-column elementor-element elementor-element-ac113a3\" data-id=\"ac113a3\" data-element_type=\"column\">\n\t\t\t<div class=\"elementor-widget-wrap\">\n\t\t\t\t\t\t\t\t\t<\/div>\n\t\t<\/div>\n\t\t\t\t\t\t\t<\/div>\n\t\t<\/section>\n\t\t\t\t\t<\/div>\n\t\t<\/div>\n\t\t\t\t\t\t\t<\/div>\n\t\t<\/section>\n\t\t\t\t\t\t\t<\/div>\n\t\t","protected":false},"excerpt":{"rendered":"<p>\u201cClase P\u00fablica\u201d: La Facultad de Ciencias Humanas lanz\u00f3 un podcast para debatir el futuro de la educaci\u00f3n en Argentina abril 23, 2026 Posted inAcad\u00e9micas, Docente, Estudiantes El Departamento de Educaci\u00f3n y Formaci\u00f3n Docente de la Facultad de Ciencias Humanas lanz\u00f3 el podcast \u201cClase P\u00fablica. Educadores que Leer mas \u00bb\u00bb El Programa de Adultos Mayores abre &hellip;<\/p>\n<p class=\"read-more\"> <a class=\"\" href=\"https:\/\/humanas.unsl.edu.ar\/index.php\/2026\/02\/26\/autismo-y-educacion-inclusiva-diplomatura\/\"> <span class=\"screen-reader-text\">Autismo y Educaci\u00f3n Inclusiva. Diplomatura<\/span> Leer m\u00e1s &raquo;<\/a><\/p>\n","protected":false},"author":2,"featured_media":0,"parent":0,"menu_order":8,"comment_status":"closed","ping_status":"closed","template":"","meta":{"site-sidebar-layout":"no-sidebar","site-content-layout":"page-builder","ast-site-content-layout":"full-width-container","site-content-style":"unboxed","site-sidebar-style":"unboxed","ast-global-header-display":"","ast-banner-title-visibility":"","ast-main-header-display":"","ast-hfb-above-header-display":"","ast-hfb-below-header-display":"","ast-hfb-mobile-header-display":"","site-post-title":"disabled","ast-breadcrumbs-content":"","ast-featured-img":"","footer-sml-layout":"","theme-transparent-header-meta":"","adv-header-id-meta":"","stick-header-meta":"","header-above-stick-meta":"","header-main-stick-meta":"","header-below-stick-meta":"","astra-migrate-meta-layouts":"set","ast-page-background-enabled":"default","ast-page-background-meta":{"desktop":{"background-color":"var(--ast-global-color-4)","background-image":"","background-repeat":"repeat","background-position":"center center","background-size":"auto","background-attachment":"scroll","background-type":"","background-media":"","overlay-type":"","overlay-color":"","overlay-gradient":""},"tablet":{"background-color":"","background-image":"","background-repeat":"repeat","background-position":"center center","background-size":"auto","background-attachment":"scroll","background-type":"","background-media":"","overlay-type":"","overlay-color":"","overlay-gradient":""},"mobile":{"background-color":"","background-image":"","background-repeat":"repeat","background-position":"center center","background-size":"auto","background-attachment":"scroll","background-type":"","background-media":"","overlay-type":"","overlay-color":"","overlay-gradient":""}},"ast-content-background-meta":{"desktop":{"background-color":"var(--ast-global-color-5)","background-image":"","background-repeat":"repeat","background-position":"center center","background-size":"auto","background-attachment":"scroll","background-type":"","background-media":"","overlay-type":"","overlay-color":"","overlay-gradient":""},"tablet":{"background-color":"var(--ast-global-color-5)","background-image":"","background-repeat":"repeat","background-position":"center center","background-size":"auto","background-attachment":"scroll","background-type":"","background-media":"","overlay-type":"","overlay-color":"","overlay-gradient":""},"mobile":{"background-color":"var(--ast-global-color-5)","background-image":"","background-repeat":"repeat","background-position":"center center","background-size":"auto","background-attachment":"scroll","background-type":"","background-media":"","overlay-type":"","overlay-color":"","overlay-gradient":""}}},"_links":{"self":[{"href":"https:\/\/humanas.unsl.edu.ar\/index.php\/wp-json\/wp\/v2\/pages\/2348"}],"collection":[{"href":"https:\/\/humanas.unsl.edu.ar\/index.php\/wp-json\/wp\/v2\/pages"}],"about":[{"href":"https:\/\/humanas.unsl.edu.ar\/index.php\/wp-json\/wp\/v2\/types\/page"}],"author":[{"embeddable":true,"href":"https:\/\/humanas.unsl.edu.ar\/index.php\/wp-json\/wp\/v2\/users\/2"}],"replies":[{"embeddable":true,"href":"https:\/\/humanas.unsl.edu.ar\/index.php\/wp-json\/wp\/v2\/comments?post=2348"}],"version-history":[{"count":135,"href":"https:\/\/humanas.unsl.edu.ar\/index.php\/wp-json\/wp\/v2\/pages\/2348\/revisions"}],"predecessor-version":[{"id":14826,"href":"https:\/\/humanas.unsl.edu.ar\/index.php\/wp-json\/wp\/v2\/pages\/2348\/revisions\/14826"}],"wp:attachment":[{"href":"https:\/\/humanas.unsl.edu.ar\/index.php\/wp-json\/wp\/v2\/media?parent=2348"}],"curies":[{"name":"wp","href":"https:\/\/api.w.org\/{rel}","templated":true}]}}